{"id":338497,"date":"2023-12-21T13:35:25","date_gmt":"2023-12-21T12:35:25","guid":{"rendered":"https:\/\/twincruiser.ch\/?page_id=338497"},"modified":"2024-01-25T11:15:23","modified_gmt":"2024-01-25T10:15:23","slug":"kurt-stauffer-twincruiser-tours","status":"publish","type":"page","link":"https:\/\/twincruiser.ch\/fr\/kurt-stauffer-twincruiser-tours\/","title":{"rendered":"Kurt Stauffer Twincruiser Tours"},"content":{"rendered":"<p>[et_pb_section fb_built=\u00a0\u00bb1&Prime; _builder_version=\u00a0\u00bb4.16&Prime; _module_preset=\u00a0\u00bbdefault\u00a0\u00bb custom_padding=\u00a0\u00bb||||false|false\u00a0\u00bb global_colors_info=\u00a0\u00bb{}\u00a0\u00bb][et_pb_row _builder_version=\u00a0\u00bb4.16&Prime; _module_preset=\u00a0\u00bbdefault\u00a0\u00bb global_colors_info=\u00a0\u00bb{}\u00a0\u00bb][et_pb_column type=\u00a0\u00bb4_4&Prime; _builder_version=\u00a0\u00bb4.16&Prime; _module_preset=\u00a0\u00bbdefault\u00a0\u00bb global_colors_info=\u00a0\u00bb{}\u00a0\u00bb][et_pb_text content_tablet=\u00a0\u00bb<\/p>\n<h1>Kurt Stauffer :<br \/>\nUne vie \u00e0 deux roues<\/h1>\n<p>\u00a0\u00bb content_phone=\u00a0\u00bb<\/p>\n<h1>Kurt Stauffer :<br \/>\nUne vie \u00e0 deux roues<\/h1>\n<p>\u00a0\u00bb content_last_edited=\u00a0\u00bbon|phone\u00a0\u00bb _builder_version=\u00a0\u00bb4.23.4&Prime; _module_preset=\u00a0\u00bbdefault\u00a0\u00bb text_font=\u00a0\u00bb||||||||\u00a0\u00bb text_text_color=\u00a0\u00bb#666666&Prime; header_font=\u00a0\u00bbPoppins|600|||||||\u00a0\u00bb header_text_align=\u00a0\u00bbcenter\u00a0\u00bb header_text_color=\u00a0\u00bb#ff9000&Prime; header_font_size=\u00a0\u00bb40px\u00a0\u00bb header_line_height=\u00a0\u00bb1.2em\u00a0\u00bb header_2_line_height=\u00a0\u00bb1.2em\u00a0\u00bb text_orientation=\u00a0\u00bbcenter\u00a0\u00bb header_font_size_tablet=\u00a0\u00bb36px\u00a0\u00bb header_font_size_phone=\u00a0\u00bb24px\u00a0\u00bb header_font_size_last_edited=\u00a0\u00bbon|phone\u00a0\u00bb header_2_font_size_tablet=\u00a0\u00bb60px\u00a0\u00bb header_2_font_size_phone=\u00a0\u00bb40px\u00a0\u00bb header_2_font_size_last_edited=\u00a0\u00bboff|desktop\u00a0\u00bb locked=\u00a0\u00bboff\u00a0\u00bb global_colors_info=\u00a0\u00bb{}\u00a0\u00bb]<\/p>\n<h1>Kurt Stauffer :<br \/>\nUne vie \u00e0 deux roues<\/h1>\n<p>[\/et_pb_text][\/et_pb_column][\/et_pb_row][et_pb_row column_structure=\u00a0\u00bb1_2,1_2&Prime; use_custom_gutter=\u00a0\u00bbon\u00a0\u00bb gutter_width=\u00a0\u00bb1&Prime; make_equal=\u00a0\u00bbon\u00a0\u00bb _builder_version=\u00a0\u00bb4.16&Prime; _module_preset=\u00a0\u00bbdefault\u00a0\u00bb background_enable_color=\u00a0\u00bboff\u00a0\u00bb custom_margin=\u00a0\u00bb40px||0px||false|false\u00a0\u00bb custom_padding=\u00a0\u00bb0px||0px||false|false\u00a0\u00bb custom_css_main_element=\u00a0\u00bbdisplay:flex;||flex-direction: row;||align-items: center;\u00a0\u00bb global_colors_info=\u00a0\u00bb{}\u00a0\u00bb custom_css_main_element_last_edited=\u00a0\u00bbon|tablet\u00a0\u00bb custom_css_main_element_tablet=\u00a0\u00bbdisplay:flex;||flex-direction: column-reverse;\u00a0\u00bb custom_css_main_element_phone=\u00a0\u00bbdisplay:flex;||flex-direction: column-reverse;\u00a0\u00bb][et_pb_column type=\u00a0\u00bb1_2&Prime; _builder_version=\u00a0\u00bb4.16&Prime; _module_preset=\u00a0\u00bbdefault\u00a0\u00bb background_enable_color=\u00a0\u00bboff\u00a0\u00bb z_index=\u00a0\u00bb999&Prime; horizontal_offset_tablet=\u00a0\u00bb0px\u00a0\u00bb horizontal_offset_phone=\u00a0\u00bb0px\u00a0\u00bb horizontal_offset_last_edited=\u00a0\u00bboff|desktop\u00a0\u00bb custom_padding=\u00a0\u00bb|100px|||true|false\u00a0\u00bb custom_padding_tablet=\u00a0\u00bb30px|0px|30px|0px|true|true\u00a0\u00bb custom_padding_phone=\u00a0\u00bb|||0px|true|false\u00a0\u00bb custom_padding_last_edited=\u00a0\u00bbon|phone\u00a0\u00bb border_color_all=\u00a0\u00bb#eeeeee\u00a0\u00bb global_colors_info=\u00a0\u00bb{}\u00a0\u00bb][et_pb_blurb title=\u00a0\u00bbLorsque la route nous appelle : Les d\u00e9buts de ma passion pour la moto.\u00a0\u00bb content_max_width=\u00a0\u00bb1100px\u00a0\u00bb title_tablet=\u00a0\u00bbLorsque la route nous appelle : Les d\u00e9buts de ma passion pour la moto.\u00a0\u00bb title_phone=\u00a0\u00bbLorsque la route nous appelle : Les d\u00e9buts de ma passion pour la moto.\u00a0\u00bb title_last_edited=\u00a0\u00bbon|phone\u00a0\u00bb _builder_version=\u00a0\u00bb4.23.4&Prime; _module_preset=\u00a0\u00bbdefault\u00a0\u00bb header_font=\u00a0\u00bbPoppins|600|||||||\u00a0\u00bb header_text_align=\u00a0\u00bbleft\u00a0\u00bb header_text_color=\u00a0\u00bb#000000&Prime; header_font_size=\u00a0\u00bb18px\u00a0\u00bb header_line_height=\u00a0\u00bb1.2em\u00a0\u00bb body_font=\u00a0\u00bbFrank Ruhl Libre|300|||||||\u00a0\u00bb body_text_color=\u00a0\u00bb#010101&Prime; body_font_size=\u00a0\u00bb18px\u00a0\u00bb text_orientation=\u00a0\u00bbcenter\u00a0\u00bb width_tablet=\u00a0\u00bb100%\u00a0\u00bb width_phone=\u00a0\u00bb100%\u00a0\u00bb width_last_edited=\u00a0\u00bboff|desktop\u00a0\u00bb module_alignment=\u00a0\u00bbleft\u00a0\u00bb custom_margin=\u00a0\u00bb||0px||false|false\u00a0\u00bb global_colors_info=\u00a0\u00bb{}\u00a0\u00bb][\/et_pb_blurb][et_pb_text content_tablet=\u00a0\u00bbJe m\u2019appelle Kurt Stauffer et je suis le propri\u00e9taire de la soci\u00e9t\u00e9 Twincruiser Tours. J\u2019aime la nature, les animaux et bien s\u00fbr les circuits de d\u00e9couvertes \u00e0 moto. Il me tient particuli\u00e8rement \u00e0 c\u0153ur de rendre les gens heureux. \u00a0\u00bb content_phone=\u00a0\u00bbJe m\u2019appelle Kurt Stauffer et je suis le propri\u00e9taire de la soci\u00e9t\u00e9 Twincruiser Tours. J\u2019aime la nature, les animaux et bien s\u00fbr les circuits de d\u00e9couvertes \u00e0 moto. Il me tient particuli\u00e8rement \u00e0 c\u0153ur de rendre les gens heureux. \u00a0\u00bb content_last_edited=\u00a0\u00bbon|phone\u00a0\u00bb _builder_version=\u00a0\u00bb4.23.4&Prime; _module_preset=\u00a0\u00bbdefault\u00a0\u00bb text_font=\u00a0\u00bbOpen Sans||||||||\u00a0\u00bb width_tablet=\u00a0\u00bb100%\u00a0\u00bb width_phone=\u00a0\u00bb100%\u00a0\u00bb width_last_edited=\u00a0\u00bboff|desktop\u00a0\u00bb module_alignment=\u00a0\u00bbcenter\u00a0\u00bb custom_padding=\u00a0\u00bb30px||||false|false\u00a0\u00bb custom_padding_tablet=\u00a0\u00bb0px||||false|false\u00a0\u00bb custom_padding_phone=\u00a0\u00bb\u00a0\u00bb custom_padding_last_edited=\u00a0\u00bbon|phone\u00a0\u00bb text_font_size_tablet=\u00a0\u00bb\u00a0\u00bb text_font_size_phone=\u00a0\u00bb\u00a0\u00bb text_font_size_last_edited=\u00a0\u00bbon|desktop\u00a0\u00bb global_colors_info=\u00a0\u00bb{}\u00a0\u00bb width__hover_enabled=\u00a0\u00bboff|desktop\u00a0\u00bb]Je m\u2019appelle Kurt Stauffer et je suis le propri\u00e9taire de la soci\u00e9t\u00e9 Twincruiser Tours. J\u2019aime la nature, les animaux et bien s\u00fbr les circuits de d\u00e9couvertes \u00e0 moto. Il me tient particuli\u00e8rement \u00e0 c\u0153ur de rendre les gens heureux. [\/et_pb_text][et_pb_text content_tablet=\u00a0\u00bbConduire une moto est pour moi bien plus qu\u2019un simple moyen de transport, c\u2019est un \u00e9tat d\u2019esprit et une passion : \u00catre pr\u00eat de la nature, de pouvoir me ressourcer, de sentir les diff\u00e9rents type d\u2019odeur, le sentiment de libert\u00e9, de \u00abglisser\u00bb \u00e0 travers des paysages vari\u00e9s et changeants, d\u2019admirer les panoramas, de profiter du d\u00e9cor, de d\u00e9couvrir des secrets et des particularit\u00e9s, de pouvoir s&rsquo;adonner au plaisir sans contrainte et de profiter tout simplement de la vue depuis le sommet.<br \/>\nToujours avec moi, mon compagnon fid\u00e8le ; mon appareil de photo pour capturer les moments spectaculaires et bien souvent inattendus que chaque nouveau jour m\u2019apporte au long de ma route.\u00a0\u00bb content_phone=\u00a0\u00bbConduire une moto est pour moi bien plus qu\u2019un simple moyen de transport, c\u2019est un \u00e9tat d\u2019esprit et une passion : \u00catre pr\u00eat de la nature, de pouvoir me ressourcer, de sentir les diff\u00e9rents type d\u2019odeur, le sentiment de libert\u00e9, de \u00abglisser\u00bb \u00e0 travers des paysages vari\u00e9s et changeants, d\u2019admirer les panoramas, de profiter du d\u00e9cor, de d\u00e9couvrir des secrets et des particularit\u00e9s, de pouvoir s&rsquo;adonner au plaisir sans contrainte et de profiter tout simplement de la vue depuis le sommet.<br \/>\nToujours avec moi, mon compagnon fid\u00e8le ; mon appareil de photo pour capturer les moments spectaculaires et bien souvent inattendus que chaque nouveau jour m\u2019apporte au long de ma route.\u00a0\u00bb content_last_edited=\u00a0\u00bbon|phone\u00a0\u00bb _builder_version=\u00a0\u00bb4.23.4&Prime; _module_preset=\u00a0\u00bbdefault\u00a0\u00bb text_font=\u00a0\u00bbOpen Sans||||||||\u00a0\u00bb width_tablet=\u00a0\u00bb100%\u00a0\u00bb width_phone=\u00a0\u00bb100%\u00a0\u00bb width_last_edited=\u00a0\u00bboff|desktop\u00a0\u00bb module_alignment=\u00a0\u00bbcenter\u00a0\u00bb custom_padding=\u00a0\u00bb30px||||false|false\u00a0\u00bb custom_padding_tablet=\u00a0\u00bb0px||||false|false\u00a0\u00bb custom_padding_phone=\u00a0\u00bb\u00a0\u00bb custom_padding_last_edited=\u00a0\u00bbon|phone\u00a0\u00bb text_font_size_tablet=\u00a0\u00bb\u00a0\u00bb text_font_size_phone=\u00a0\u00bb\u00a0\u00bb text_font_size_last_edited=\u00a0\u00bbon|desktop\u00a0\u00bb global_colors_info=\u00a0\u00bb{}\u00a0\u00bb width__hover_enabled=\u00a0\u00bboff|desktop\u00a0\u00bb]<\/p>\n<p>Conduire une moto est pour moi bien plus qu\u2019un simple moyen de transport, c\u2019est un \u00e9tat d\u2019esprit et une passion : \u00catre pr\u00eat de la nature, de pouvoir me ressourcer, de sentir les diff\u00e9rents type d\u2019odeur, le sentiment de libert\u00e9, de \u00abglisser\u00bb \u00e0 travers des paysages vari\u00e9s et changeants, d\u2019admirer les panoramas, de profiter du d\u00e9cor, de d\u00e9couvrir des secrets et des particularit\u00e9s, de pouvoir s&rsquo;adonner au plaisir sans contrainte et de profiter tout simplement de la vue depuis le sommet.<\/p>\n<p>Toujours avec moi, mon compagnon fid\u00e8le ; mon appareil de photo pour capturer les moments spectaculaires et bien souvent inattendus que chaque nouveau jour m\u2019apporte au long de ma route.<\/p>\n<p>[\/et_pb_text][et_pb_text content_tablet=\u00a0\u00bbMon approche d\u2019une randonn\u00e9e \u00e0 moto de plusieurs jours diff\u00e8re fondamentalement de celle d\u2019un motocycliste traditionnel. Il ne s\u2019agit pas pour moi d\u2019aller le plus rapidement possible du point A au point B, mais de profiter de vivre le voyage en lui-m\u00eame.<br \/>\nLa m\u00e9t\u00e9o, les rencontres, la culture, les instants propices et non-attendus ainsi que l\u2019immersion dans la beaut\u00e9 naturelle de l\u2019environnement rendent chaque tour unique.\u00a0\u00bb content_phone=\u00a0\u00bbMon approche d\u2019une randonn\u00e9e \u00e0 moto de plusieurs jours diff\u00e8re fondamentalement de celle d\u2019un motocycliste traditionnel. Il ne s\u2019agit pas pour moi d\u2019aller le plus rapidement possible du point A au point B, mais de profiter de vivre le voyage en lui-m\u00eame.<br \/>\nLa m\u00e9t\u00e9o, les rencontres, la culture, les instants propices et non-attendus ainsi que l\u2019immersion dans la beaut\u00e9 naturelle de l\u2019environnement rendent chaque tour unique.\u00a0\u00bb content_last_edited=\u00a0\u00bbon|phone\u00a0\u00bb _builder_version=\u00a0\u00bb4.23.4&Prime; _module_preset=\u00a0\u00bbdefault\u00a0\u00bb text_font=\u00a0\u00bbOpen Sans||||||||\u00a0\u00bb width_tablet=\u00a0\u00bb100%\u00a0\u00bb width_phone=\u00a0\u00bb100%\u00a0\u00bb width_last_edited=\u00a0\u00bboff|desktop\u00a0\u00bb module_alignment=\u00a0\u00bbcenter\u00a0\u00bb custom_padding=\u00a0\u00bb30px||||false|false\u00a0\u00bb custom_padding_tablet=\u00a0\u00bb0px||||false|false\u00a0\u00bb custom_padding_phone=\u00a0\u00bb\u00a0\u00bb custom_padding_last_edited=\u00a0\u00bbon|phone\u00a0\u00bb text_font_size_tablet=\u00a0\u00bb\u00a0\u00bb text_font_size_phone=\u00a0\u00bb\u00a0\u00bb text_font_size_last_edited=\u00a0\u00bbon|desktop\u00a0\u00bb global_colors_info=\u00a0\u00bb{}\u00a0\u00bb width__hover_enabled=\u00a0\u00bboff|desktop\u00a0\u00bb]Mon approche d\u2019une randonn\u00e9e \u00e0 moto de plusieurs jours diff\u00e8re fondamentalement de celle d\u2019un motocycliste traditionnel. Il ne s\u2019agit pas pour moi d\u2019aller le plus rapidement possible du point A au point B, mais de profiter de vivre le voyage en lui-m\u00eame. <\/p>\n<p>La m\u00e9t\u00e9o, les rencontres, la culture, les instants propices et non-attendus ainsi que l\u2019immersion dans la beaut\u00e9 naturelle de l\u2019environnement rendent chaque tour unique.[\/et_pb_text][\/et_pb_column][et_pb_column type=\u00a0\u00bb1_2&Prime; _builder_version=\u00a0\u00bb4.16&Prime; _module_preset=\u00a0\u00bbdefault\u00a0\u00bb z_index=\u00a0\u00bb0&Prime; custom_padding_last_edited=\u00a0\u00bboff|tablet\u00a0\u00bb global_colors_info=\u00a0\u00bb{}\u00a0\u00bb][et_pb_image src=\u00a0\u00bbhttps:\/\/twincruiser.ch\/wp-content\/uploads\/2023\/12\/Kurt-Stauffer-Twincruiser-Tours-5.jpg\u00a0\u00bb alt=\u00a0\u00bbKurt Stauffer Twincruiser Tours\u00a0\u00bb title_text=\u00a0\u00bbKurt Stauffer Twincruiser Tours 5&Prime; show_in_lightbox=\u00a0\u00bbon\u00a0\u00bb show_bottom_space=\u00a0\u00bboff\u00a0\u00bb align=\u00a0\u00bbright\u00a0\u00bb force_fullwidth=\u00a0\u00bbon\u00a0\u00bb src_tablet=\u00a0\u00bbhttps:\/\/twincruiser.ch\/wp-content\/uploads\/2023\/12\/Kurt-Stauffer-Twincruiser-Tours-5.jpg\u00a0\u00bb src_phone=\u00a0\u00bbhttps:\/\/twincruiser.ch\/wp-content\/uploads\/2023\/12\/Kurt-Stauffer-Twincruiser-Tours-5.jpg\u00a0\u00bb src_last_edited=\u00a0\u00bbon|phone\u00a0\u00bb _builder_version=\u00a0\u00bb4.23.2&Prime; _module_preset=\u00a0\u00bbdefault\u00a0\u00bb scroll_vertical_motion=\u00a0\u00bb0|50|50|100|1|0|-1&Prime; scroll_vertical_motion_tablet=\u00a0\u00bb\u00a0\u00bb scroll_vertical_motion_phone=\u00a0\u00bb0|50|50|100|0|0|0&Prime; scroll_vertical_motion_last_edited=\u00a0\u00bbon|phone\u00a0\u00bb box_shadow_style=\u00a0\u00bbpreset3&Prime; locked=\u00a0\u00bboff\u00a0\u00bb global_colors_info=\u00a0\u00bb{}\u00a0\u00bb][\/et_pb_image][\/et_pb_column][\/et_pb_row][et_pb_row column_structure=\u00a0\u00bb1_2,1_2&Prime; use_custom_gutter=\u00a0\u00bbon\u00a0\u00bb gutter_width=\u00a0\u00bb1&Prime; make_equal=\u00a0\u00bbon\u00a0\u00bb _builder_version=\u00a0\u00bb4.18.1&Prime; _module_preset=\u00a0\u00bbdefault\u00a0\u00bb custom_margin=\u00a0\u00bb0px||||false|false\u00a0\u00bb custom_padding=\u00a0\u00bb0px||0px||false|false\u00a0\u00bb custom_css_main_element=\u00a0\u00bbdisplay:flex;||flex-direction: row;||align-items: center;\u00a0\u00bb global_colors_info=\u00a0\u00bb{}\u00a0\u00bb custom_css_main_element_last_edited=\u00a0\u00bbon|phone\u00a0\u00bb custom_css_main_element_tablet=\u00a0\u00bbdisplay:inherit;\u00a0\u00bb custom_css_main_element_phone=\u00a0\u00bbdisplay:inherit;\u00a0\u00bb][et_pb_column type=\u00a0\u00bb1_2&Prime; _builder_version=\u00a0\u00bb4.16&Prime; _module_preset=\u00a0\u00bbdefault\u00a0\u00bb background_enable_color=\u00a0\u00bboff\u00a0\u00bb global_colors_info=\u00a0\u00bb{}\u00a0\u00bb][et_pb_image src=\u00a0\u00bbhttps:\/\/twincruiser.ch\/wp-content\/uploads\/2023\/12\/Twincruiser-Tours-Romantik-1.jpg\u00a0\u00bb alt=\u00a0\u00bbTwincruiser Tours Romantique\u00a0\u00bb title_text=\u00a0\u00bbTwincruiser Tours Romantik\u00a0\u00bb show_in_lightbox=\u00a0\u00bbon\u00a0\u00bb force_fullwidth=\u00a0\u00bbon\u00a0\u00bb src_tablet=\u00a0\u00bbhttps:\/\/twincruiser.ch\/wp-content\/uploads\/2023\/12\/Twincruiser-Tours-Romantik-1.jpg\u00a0\u00bb src_phone=\u00a0\u00bbhttps:\/\/twincruiser.ch\/wp-content\/uploads\/2023\/12\/Twincruiser-Tours-Romantik-1.jpg\u00a0\u00bb src_last_edited=\u00a0\u00bbon|desktop\u00a0\u00bb _builder_version=\u00a0\u00bb4.23.2&Prime; _module_preset=\u00a0\u00bbdefault\u00a0\u00bb scroll_vertical_motion=\u00a0\u00bb0|50|50|100|1|0|-1&Prime; scroll_vertical_motion_tablet=\u00a0\u00bb\u00a0\u00bb scroll_vertical_motion_phone=\u00a0\u00bb0|50|50|100|0|0|0&Prime; scroll_vertical_motion_last_edited=\u00a0\u00bbon|phone\u00a0\u00bb box_shadow_style=\u00a0\u00bbpreset3&Prime; locked=\u00a0\u00bboff\u00a0\u00bb global_colors_info=\u00a0\u00bb{}\u00a0\u00bb][\/et_pb_image][\/et_pb_column][et_pb_column type=\u00a0\u00bb1_2&Prime; _builder_version=\u00a0\u00bb4.16&Prime; _module_preset=\u00a0\u00bbdefault\u00a0\u00bb background_color=\u00a0\u00bb#FFFFFF\u00a0\u00bb z_index=\u00a0\u00bb999&Prime; horizontal_offset_tablet=\u00a0\u00bb0px\u00a0\u00bb horizontal_offset_phone=\u00a0\u00bb0px\u00a0\u00bb horizontal_offset_last_edited=\u00a0\u00bboff|desktop\u00a0\u00bb custom_padding=\u00a0\u00bb|||100px|false|false\u00a0\u00bb custom_padding_tablet=\u00a0\u00bb30px|0px|30px|0px|true|true\u00a0\u00bb custom_padding_phone=\u00a0\u00bb|||0px|true|false\u00a0\u00bb custom_padding_last_edited=\u00a0\u00bbon|phone\u00a0\u00bb global_colors_info=\u00a0\u00bb{}\u00a0\u00bb][et_pb_blurb title=\u00a0\u00bbAccompagne-moi sur la route : Une aventure suisse avec Twincruiser Tours t&rsquo;attend\u00a0\u00bb content_max_width=\u00a0\u00bb1100px\u00a0\u00bb title_tablet=\u00a0\u00bbAccompagne-moi sur la route : Une aventure suisse avec Twincruiser Tours t&rsquo;attend\u00a0\u00bb title_phone=\u00a0\u00bbAccompagne-moi sur la route : Une aventure suisse avec Twincruiser Tours t&rsquo;attend\u00a0\u00bb title_last_edited=\u00a0\u00bbon|phone\u00a0\u00bb _builder_version=\u00a0\u00bb4.23.4&Prime; _module_preset=\u00a0\u00bbdefault\u00a0\u00bb header_font=\u00a0\u00bbPoppins|600|||||||\u00a0\u00bb header_text_color=\u00a0\u00bb#000000&Prime; header_font_size=\u00a0\u00bb18px\u00a0\u00bb header_line_height=\u00a0\u00bb1.2em\u00a0\u00bb body_font=\u00a0\u00bb|300|||||||\u00a0\u00bb body_text_color=\u00a0\u00bb#010101&Prime; body_font_size=\u00a0\u00bb18px\u00a0\u00bb width_tablet=\u00a0\u00bb100%\u00a0\u00bb width_phone=\u00a0\u00bb100%\u00a0\u00bb width_last_edited=\u00a0\u00bbon|desktop\u00a0\u00bb module_alignment=\u00a0\u00bbcenter\u00a0\u00bb global_colors_info=\u00a0\u00bb{}\u00a0\u00bb][\/et_pb_blurb][et_pb_text content_tablet=\u00a0\u00bbJe serai fier de te faire d\u00e9couvrir des tr\u00e9sors cach\u00e9s en Suisse et m\u00eame hors des fronti\u00e8res suisses.<br \/>\nMes d\u00e9buts de motard commencent dans les ann\u00e9es 1970 et j\u2019ai acquis une grande exp\u00e9rience dans diff\u00e9rents pays.<br \/>\nMes ann\u00e9es pass\u00e9es en Afrique du Sud ont \u00e9t\u00e9 particuli\u00e8rement formatrices. J\u2019y ai d\u00e9velopp\u00e9 des comp\u00e9tences linguistiques et multiculturelles en anglais, afrikaans, fran\u00e7ais, allemand et n\u00e9erlandais. \u00a0\u00bb content_phone=\u00a0\u00bbJe serai fier de te faire d\u00e9couvrir des tr\u00e9sors cach\u00e9s en Suisse et m\u00eame hors des fronti\u00e8res suisses.<br \/>\nMes d\u00e9buts de motard commencent dans les ann\u00e9es 1970 et j\u2019ai acquis une grande exp\u00e9rience dans diff\u00e9rents pays.<br \/>\nMes ann\u00e9es pass\u00e9es en Afrique du Sud ont \u00e9t\u00e9 particuli\u00e8rement formatrices. J\u2019y ai d\u00e9velopp\u00e9 des comp\u00e9tences linguistiques et multiculturelles en anglais, afrikaans, fran\u00e7ais, allemand et n\u00e9erlandais. \u00a0\u00bb content_last_edited=\u00a0\u00bbon|phone\u00a0\u00bb _builder_version=\u00a0\u00bb4.23.4&Prime; _module_preset=\u00a0\u00bbdefault\u00a0\u00bb text_font=\u00a0\u00bbOpen Sans||||||||\u00a0\u00bb width_tablet=\u00a0\u00bb100%\u00a0\u00bb width_phone=\u00a0\u00bb100%\u00a0\u00bb width_last_edited=\u00a0\u00bbon|phone\u00a0\u00bb module_alignment=\u00a0\u00bbcenter\u00a0\u00bb custom_padding=\u00a0\u00bb30px||||false|false\u00a0\u00bb custom_padding_tablet=\u00a0\u00bb0px||||false|false\u00a0\u00bb custom_padding_phone=\u00a0\u00bb0px||||false|false\u00a0\u00bb custom_padding_last_edited=\u00a0\u00bbon|phone\u00a0\u00bb locked=\u00a0\u00bboff\u00a0\u00bb global_colors_info=\u00a0\u00bb{}\u00a0\u00bb]Je serai fier de te faire d\u00e9couvrir des tr\u00e9sors cach\u00e9s en Suisse et m\u00eame hors des fronti\u00e8res suisses. <\/p>\n<p>Mes d\u00e9buts de motard commencent dans les ann\u00e9es 1970 et j\u2019ai acquis une grande exp\u00e9rience dans diff\u00e9rents pays.<br \/>\nMes ann\u00e9es pass\u00e9es en Afrique du Sud ont \u00e9t\u00e9 particuli\u00e8rement formatrices. J\u2019y ai d\u00e9velopp\u00e9 des comp\u00e9tences linguistiques et multiculturelles en anglais, afrikaans, fran\u00e7ais, allemand et n\u00e9erlandais. [\/et_pb_text][et_pb_text content_tablet=\u00a0\u00bb<strong>Voyages \u00e0 moto \u00e0 la mani\u00e8re de Twincruiser Tours \u2013 Simplement diff\u00e9rent : Plus d\u2019exp\u00e9riences, plus de plaisir, plus de d\u00e9couvertes !<\/strong>\u00a0\u00bb content_phone=\u00a0\u00bb<strong>Voyages \u00e0 moto \u00e0 la mani\u00e8re de Twincruiser Tours \u2013 Simplement diff\u00e9rent : Plus d\u2019exp\u00e9riences, plus de plaisir, plus de d\u00e9couvertes !<\/strong>\u00a0\u00bb content_last_edited=\u00a0\u00bbon|phone\u00a0\u00bb _builder_version=\u00a0\u00bb4.23.4&Prime; _module_preset=\u00a0\u00bbdefault\u00a0\u00bb text_font=\u00a0\u00bbOpen Sans||||||||\u00a0\u00bb width_tablet=\u00a0\u00bb100%\u00a0\u00bb width_phone=\u00a0\u00bb100%\u00a0\u00bb width_last_edited=\u00a0\u00bbon|phone\u00a0\u00bb module_alignment=\u00a0\u00bbcenter\u00a0\u00bb custom_padding=\u00a0\u00bb30px||||false|false\u00a0\u00bb custom_padding_tablet=\u00a0\u00bb0px||||false|false\u00a0\u00bb custom_padding_phone=\u00a0\u00bb0px||||false|false\u00a0\u00bb custom_padding_last_edited=\u00a0\u00bbon|phone\u00a0\u00bb locked=\u00a0\u00bboff\u00a0\u00bb global_colors_info=\u00a0\u00bb{}\u00a0\u00bb]<strong>Voyages \u00e0 moto \u00e0 la mani\u00e8re de Twincruiser Tours \u2013 Simplement diff\u00e9rent : Plus d\u2019exp\u00e9riences, plus de plaisir, plus de d\u00e9couvertes !<\/strong>[\/et_pb_text][\/et_pb_column][\/et_pb_row][\/et_pb_section][et_pb_section fb_built=\u00a0\u00bb1&Prime; admin_label=\u00a0\u00bbDLE Testimonial 09&Prime; _builder_version=\u00a0\u00bb4.18.0&Prime; _module_preset=\u00a0\u00bbdefault\u00a0\u00bb background_color=\u00a0\u00bb#f8f8f8&Prime; custom_padding=\u00a0\u00bb0px|||||\u00a0\u00bb global_colors_info=\u00a0\u00bb{}\u00a0\u00bb][et_pb_row column_structure=\u00a0\u00bb1_3,1_3,1_3&Prime; use_custom_gutter=\u00a0\u00bbon\u00a0\u00bb gutter_width=\u00a0\u00bb2&Prime; make_equal=\u00a0\u00bbon\u00a0\u00bb _builder_version=\u00a0\u00bb4.16&Prime; _module_preset=\u00a0\u00bbdefault\u00a0\u00bb custom_padding=\u00a0\u00bb0px||0px||false|false\u00a0\u00bb global_colors_info=\u00a0\u00bb{}\u00a0\u00bb][et_pb_column type=\u00a0\u00bb1_3&Prime; _builder_version=\u00a0\u00bb4.16&Prime; _module_preset=\u00a0\u00bbdefault\u00a0\u00bb global_colors_info=\u00a0\u00bb{}\u00a0\u00bb][et_pb_testimonial author=\u00a0\u00bbBernie, K\u00f6bu, Claudia, Ir\u00e8ne et Saskia\u00a0\u00bb quote_icon_color=\u00a0\u00bb#ff9000&Prime; quote_icon_background_color=\u00a0\u00bbrgba(255,255,255,0)\u00a0\u00bb font_icon=\u00a0\u00bb&#x7b;||divi||400&Prime; use_icon_font_size=\u00a0\u00bbon\u00a0\u00bb icon_font_size=\u00a0\u00bb45px\u00a0\u00bb author_tablet=\u00a0\u00bbBernie, K\u00f6bu, Claudia, Ir\u00e8ne et Saskia\u00a0\u00bb author_phone=\u00a0\u00bbBernie, K\u00f6bu, Claudia, Ir\u00e8ne et Saskia\u00a0\u00bb author_last_edited=\u00a0\u00bbon|phone\u00a0\u00bb content_tablet=\u00a0\u00bbApr\u00e8s trois mois de confinement d\u00fb au coronavirus, notre tour avec Twincruiser Tours a \u00e9t\u00e9 une v\u00e9ritable lib\u00e9ration. Il nous a redonn\u00e9 le sentiment de libert\u00e9 qui nous a tant manqu\u00e9. L\u2019itin\u00e9raire \u00e9tait parfaitement planifi\u00e9 et malgr\u00e9 les jours f\u00e9ri\u00e9s, Kurt a su comment \u00e9viter le tourisme de masse. Cela nous a permis de prendre tranquillement des photos \u00e0 couper le souffle depuis des perspectives uniques que seul un guide local comme Kurt peut conna\u00eetre.<\/p>\n<p>Ce voyage nous a surtout montr\u00e9 l\u2019importance d\u2019un h\u00e9bergement de qualit\u00e9 en fin de journ\u00e9e. Un grand merci \u00e0 Kurt pour cette exp\u00e9rience inoubliable. Nous te souhaitons tout le meilleur, continue comme \u00e7a ! Nous te recommanderons certainement et attendons avec impatience la prochaine fois.\u00a0\u00bb content_phone=\u00a0\u00bbApr\u00e8s trois mois de confinement d\u00fb au coronavirus, notre tour avec Twincruiser Tours a \u00e9t\u00e9 une v\u00e9ritable lib\u00e9ration. Il nous a redonn\u00e9 le sentiment de libert\u00e9 qui nous a tant manqu\u00e9. L\u2019itin\u00e9raire \u00e9tait parfaitement planifi\u00e9 et malgr\u00e9 les jours f\u00e9ri\u00e9s, Kurt a su comment \u00e9viter le tourisme de masse. Cela nous a permis de prendre tranquillement des photos \u00e0 couper le souffle depuis des perspectives uniques que seul un guide local comme Kurt peut conna\u00eetre.<\/p>\n<p>Ce voyage nous a surtout montr\u00e9 l\u2019importance d\u2019un h\u00e9bergement de qualit\u00e9 en fin de journ\u00e9e. Un grand merci \u00e0 Kurt pour cette exp\u00e9rience inoubliable. Nous te souhaitons tout le meilleur, continue comme \u00e7a ! Nous te recommanderons certainement et attendons avec impatience la prochaine fois.\u00a0\u00bb content_last_edited=\u00a0\u00bbon|phone\u00a0\u00bb _builder_version=\u00a0\u00bb4.23.4&Prime; _module_preset=\u00a0\u00bbdefault\u00a0\u00bb author_text_color=\u00a0\u00bb#212121&Prime; position_text_color=\u00a0\u00bb#212121&Prime; company_text_color=\u00a0\u00bb#E02B20&Prime; background_color=\u00a0\u00bb#FFFFFF\u00a0\u00bb custom_margin=\u00a0\u00bb60px||||false|false\u00a0\u00bb custom_css_testimonial_author=\u00a0\u00bbmargin-top: 15px;\u00a0\u00bb border_width_all=\u00a0\u00bb1px\u00a0\u00bb border_color_all=\u00a0\u00bb#eeeeee\u00a0\u00bb global_colors_info=\u00a0\u00bb{}\u00a0\u00bb]Apr\u00e8s trois mois de confinement d\u00fb au coronavirus, notre tour avec Twincruiser Tours a \u00e9t\u00e9 une v\u00e9ritable lib\u00e9ration. Il nous a redonn\u00e9 le sentiment de libert\u00e9 qui nous a tant manqu\u00e9. L\u2019itin\u00e9raire \u00e9tait parfaitement planifi\u00e9 et malgr\u00e9 les jours f\u00e9ri\u00e9s, Kurt a su comment \u00e9viter le tourisme de masse. Cela nous a permis de prendre tranquillement des photos \u00e0 couper le souffle depuis des perspectives uniques que seul un guide local comme Kurt peut conna\u00eetre.<\/p>\n<p>Ce voyage nous a surtout montr\u00e9 l\u2019importance d\u2019un h\u00e9bergement de qualit\u00e9 en fin de journ\u00e9e. Un grand merci \u00e0 Kurt pour cette exp\u00e9rience inoubliable. Nous te souhaitons tout le meilleur, continue comme \u00e7a ! Nous te recommanderons certainement et attendons avec impatience la prochaine fois.[\/et_pb_testimonial][\/et_pb_column][et_pb_column type=\u00a0\u00bb1_3&Prime; _builder_version=\u00a0\u00bb4.16&Prime; _module_preset=\u00a0\u00bbdefault\u00a0\u00bb global_colors_info=\u00a0\u00bb{}\u00a0\u00bb][et_pb_testimonial author=\u00a0\u00bbAndrea de Lucerne\u00a0\u00bb quote_icon_color=\u00a0\u00bb#ff9000&Prime; quote_icon_background_color=\u00a0\u00bbrgba(255,255,255,0)\u00a0\u00bb font_icon=\u00a0\u00bb&#x7b;||divi||400&Prime; use_icon_font_size=\u00a0\u00bbon\u00a0\u00bb icon_font_size=\u00a0\u00bb45px\u00a0\u00bb author_tablet=\u00a0\u00bbAndrea de Lucerne\u00a0\u00bb author_phone=\u00a0\u00bbAndrea de Lucerne\u00a0\u00bb author_last_edited=\u00a0\u00bbon|desktop\u00a0\u00bb content_tablet=\u00a0\u00bbApr\u00e8s plusieurs ann\u00e9es d\u2019interruption, j\u2019ai repris le courage de recommencer \u00e0 faire de la moto. J\u2019avais perdu mes connaissances de motocycliste et j\u2019\u00e9tais incertaine avec ma toute nouvelle moto. Kurt, avec son exp\u00e9rience m\u2019a redonn\u00e9e confiance, m\u2019a rassur\u00e9e, guid\u00e9e de mani\u00e8re s\u00fbre et confiante sur cette premi\u00e8re excursion \u00e0 travers les Alpes. L\u2019itin\u00e9raire \u00e9tait parfaitement adapt\u00e9 \u00e0 mon niveau. Gr\u00e2ce aux astuces et conseils de Kurt, je me suis sentie \u00e0 l\u2019aise en traversant des vall\u00e9es pittoresques et en grimpant les serpentines de cols impressionnants.<\/p>\n<p>Les h\u00f4tels soigneusement s\u00e9lectionn\u00e9s offraient une hospitalit\u00e9 chaleureuse et d\u2019id\u00e9ales possibilit\u00e9s de repos pour \u00eatre fra\u00eeche et pr\u00eate pour de nouvelles aventures le lendemain.<\/p>\n<p>Du d\u00e9but \u00e0 la fin, tout \u00e9tait superbement organis\u00e9. Kurt, le \u00ab vieux routard \u00bb, a ramen\u00e9 la \u00ab d\u00e9butante \u00bb en toute s\u00e9curit\u00e9 \u00e0 la maison. Ce voyage-moto m\u2019a offert un fantastique mixe entre piloter et reprendre confiance sur ma propre moto, de d\u00e9couvrir des nouveaux sites naturelles et culturelles, ainsi qu\u2019une cuisine et des vins r\u00e9gionaux de premi\u00e8re classe. Le charme et l\u2019humour de Kurt en faisaient le compagnon id\u00e9al, toujours soucieux du bien-\u00eatre de son invit\u00e9e.<\/p>\n<p>Je recommande une tourn\u00e9e avec Kurt \u00e0 tous ceux qui recherchent ce m\u00e9lange unique et une exp\u00e9rience de voyage personnalis\u00e9e. Merci pour cette inoubliable premi\u00e8re excursion \u00e0 moto !\u00a0\u00bb content_phone=\u00a0\u00bbApr\u00e8s plusieurs ann\u00e9es d\u2019interruption, j\u2019ai repris le courage de recommencer \u00e0 faire de la moto. J\u2019avais perdu mes connaissances de motocycliste et j\u2019\u00e9tais incertaine avec ma toute nouvelle moto. Kurt, avec son exp\u00e9rience m\u2019a redonn\u00e9e confiance, m\u2019a rassur\u00e9e, guid\u00e9e de mani\u00e8re s\u00fbre et confiante sur cette premi\u00e8re excursion \u00e0 travers les Alpes. L\u2019itin\u00e9raire \u00e9tait parfaitement adapt\u00e9 \u00e0 mon niveau. Gr\u00e2ce aux astuces et conseils de Kurt, je me suis sentie \u00e0 l\u2019aise en traversant des vall\u00e9es pittoresques et en grimpant les serpentines de cols impressionnants.<\/p>\n<p>Les h\u00f4tels soigneusement s\u00e9lectionn\u00e9s offraient une hospitalit\u00e9 chaleureuse et d\u2019id\u00e9ales possibilit\u00e9s de repos pour \u00eatre fra\u00eeche et pr\u00eate pour de nouvelles aventures le lendemain.<\/p>\n<p>Du d\u00e9but \u00e0 la fin, tout \u00e9tait superbement organis\u00e9. Kurt, le \u00ab vieux routard \u00bb, a ramen\u00e9 la \u00ab d\u00e9butante \u00bb en toute s\u00e9curit\u00e9 \u00e0 la maison. Ce voyage-moto m\u2019a offert un fantastique mixe entre piloter et reprendre confiance sur ma propre moto, de d\u00e9couvrir des nouveaux sites naturelles et culturelles, ainsi qu\u2019une cuisine et des vins r\u00e9gionaux de premi\u00e8re classe. Le charme et l\u2019humour de Kurt en faisaient le compagnon id\u00e9al, toujours soucieux du bien-\u00eatre de son invit\u00e9e.<\/p>\n<p>Je recommande une tourn\u00e9e avec Kurt \u00e0 tous ceux qui recherchent ce m\u00e9lange unique et une exp\u00e9rience de voyage personnalis\u00e9e. Merci pour cette inoubliable premi\u00e8re excursion \u00e0 moto !\u00a0\u00bb content_last_edited=\u00a0\u00bbon|phone\u00a0\u00bb _builder_version=\u00a0\u00bb4.24.0&Prime; _module_preset=\u00a0\u00bb_initial\u00a0\u00bb author_text_color=\u00a0\u00bb#212121&Prime; position_text_color=\u00a0\u00bb#212121&Prime; company_text_color=\u00a0\u00bb#E02B20&Prime; background_color=\u00a0\u00bb#FFFFFF\u00a0\u00bb custom_margin=\u00a0\u00bb60px||||false|false\u00a0\u00bb hover_enabled=\u00a0\u00bb0&Prime; custom_css_testimonial_author=\u00a0\u00bbmargin-top: 15px;\u00a0\u00bb border_width_all=\u00a0\u00bb1px\u00a0\u00bb border_color_all=\u00a0\u00bb#eeeeee\u00a0\u00bb global_colors_info=\u00a0\u00bb{}\u00a0\u00bb sticky_enabled=\u00a0\u00bb0&Prime;]<\/p>\n<p>Apr\u00e8s plusieurs ann\u00e9es d\u2019interruption, j\u2019ai repris le courage de recommencer \u00e0 faire de la moto. J\u2019avais perdu mes connaissances de motocycliste et j\u2019\u00e9tais incertaine avec ma toute nouvelle moto. Kurt, avec son exp\u00e9rience m\u2019a redonn\u00e9e confiance, m\u2019a rassur\u00e9e, guid\u00e9e de mani\u00e8re s\u00fbre et confiante sur cette premi\u00e8re excursion \u00e0 travers les Alpes. L\u2019itin\u00e9raire \u00e9tait parfaitement adapt\u00e9 \u00e0 mon niveau. Gr\u00e2ce aux astuces et conseils de Kurt, je me suis sentie \u00e0 l\u2019aise en traversant des vall\u00e9es pittoresques et en grimpant les serpentines de cols impressionnants.<\/p>\n<p>Les h\u00f4tels soigneusement s\u00e9lectionn\u00e9s offraient une hospitalit\u00e9 chaleureuse et d\u2019id\u00e9ales possibilit\u00e9s de repos pour \u00eatre fra\u00eeche et pr\u00eate pour de nouvelles aventures le lendemain.<\/p>\n<p>Du d\u00e9but \u00e0 la fin, tout \u00e9tait superbement organis\u00e9. Kurt, le \u00ab vieux routard \u00bb, a ramen\u00e9 la \u00ab d\u00e9butante \u00bb en toute s\u00e9curit\u00e9 \u00e0 la maison. Ce voyage-moto m\u2019a offert un fantastique mixe entre piloter et reprendre confiance sur ma propre moto, de d\u00e9couvrir des nouveaux sites naturelles et culturelles, ainsi qu\u2019une cuisine et des vins r\u00e9gionaux de premi\u00e8re classe. Le charme et l\u2019humour de Kurt en faisaient le compagnon id\u00e9al, toujours soucieux du bien-\u00eatre de son invit\u00e9e.<\/p>\n<p>Je recommande une tourn\u00e9e avec Kurt \u00e0 tous ceux qui recherchent ce m\u00e9lange unique et une exp\u00e9rience de voyage personnalis\u00e9e. Merci pour cette inoubliable premi\u00e8re excursion \u00e0 moto !<\/p>\n<p>[\/et_pb_testimonial][\/et_pb_column][et_pb_column type=\u00a0\u00bb1_3&Prime; _builder_version=\u00a0\u00bb4.16&Prime; _module_preset=\u00a0\u00bbdefault\u00a0\u00bb global_colors_info=\u00a0\u00bb{}\u00a0\u00bb][et_pb_testimonial author=\u00a0\u00bbKarin B. de B\u00e2le\u00a0\u00bb author_tablet=\u00a0\u00bbKarin B. de B\u00e2le\u00a0\u00bb author_phone=\u00a0\u00bbKarin B. de B\u00e2le\u00a0\u00bb author_last_edited=\u00a0\u00bbon|phone\u00a0\u00bb content_tablet=\u00a0\u00bbLes randonn\u00e9es moto avec toi ont toujours \u00e9t\u00e9 un sujet sur lequel je me r\u00e9jouissais \u00e9norm\u00e9ment ! Tu as toujours su, comment nous surprendre avec tes itin\u00e9raires excitants et hors du communs dans des r\u00e9gions que nous croyons famili\u00e8res et connues. Chaque circuit \u00e9tait plein de surprises, et nous a permis de d\u00e9couvrir d\u2019innombrables choses que nous ne connaissions pas.<\/p>\n<p>Ce qui m\u2019a particuli\u00e8rement impressionn\u00e9, c\u2019est ta flexibilit\u00e9 pour r\u00e9pondre \u00e0 nos besoins, m\u00eame si cela n\u00e9cessitait des changements de derni\u00e8re minute de l\u2019itin\u00e9raire. Nous nous sommes toujours sentis en s\u00e9curit\u00e9 et \u00e0 l\u2019aise, sans stress. Dans tes voyages, il ne s\u2019agit pas de la distance parcourue, mais de la convivialit\u00e9 et du plaisir \u2013 j\u2019ai particuli\u00e8rement appr\u00e9ci\u00e9 cela.<\/p>\n<p>J\u2019attends avec impatience le prochain tour avec toi et je suis curieux de d\u00e9couvrir les points forts qui m\u2019attendent cette fois-ci !\u00a0\u00bb content_phone=\u00a0\u00bbLes randonn\u00e9es moto avec toi ont toujours \u00e9t\u00e9 un sujet sur lequel je me r\u00e9jouissais \u00e9norm\u00e9ment ! Tu as toujours su, comment nous surprendre avec tes itin\u00e9raires excitants et hors du communs dans des r\u00e9gions que nous croyons famili\u00e8res et connues. Chaque circuit \u00e9tait plein de surprises, et nous a permis de d\u00e9couvrir d\u2019innombrables choses que nous ne connaissions pas.<\/p>\n<p>Ce qui m\u2019a particuli\u00e8rement impressionn\u00e9, c\u2019est ta flexibilit\u00e9 pour r\u00e9pondre \u00e0 nos besoins, m\u00eame si cela n\u00e9cessitait des changements de derni\u00e8re minute de l\u2019itin\u00e9raire. Nous nous sommes toujours sentis en s\u00e9curit\u00e9 et \u00e0 l\u2019aise, sans stress. Dans tes voyages, il ne s\u2019agit pas de la distance parcourue, mais de la convivialit\u00e9 et du plaisir \u2013 j\u2019ai particuli\u00e8rement appr\u00e9ci\u00e9 cela.<\/p>\n<p>J\u2019attends avec impatience le prochain tour avec toi et je suis curieux de d\u00e9couvrir les points forts qui m\u2019attendent cette fois-ci !\u00a0\u00bb content_last_edited=\u00a0\u00bbon|phone\u00a0\u00bb _builder_version=\u00a0\u00bb4.23.4&Prime; _module_preset=\u00a0\u00bbab7ceb50-943d-4d44-bc38-dc0008bbe6e8&Prime; global_colors_info=\u00a0\u00bb{}\u00a0\u00bb]<\/p>\n<p>Les randonn\u00e9es moto avec toi ont toujours \u00e9t\u00e9 un sujet sur lequel je me r\u00e9jouissais \u00e9norm\u00e9ment ! Tu as toujours su, comment nous surprendre avec tes itin\u00e9raires excitants et hors du communs dans des r\u00e9gions que nous croyons famili\u00e8res et connues. Chaque circuit \u00e9tait plein de surprises, et nous a permis de d\u00e9couvrir d\u2019innombrables choses que nous ne connaissions pas.<\/p>\n<p>Ce qui m\u2019a particuli\u00e8rement impressionn\u00e9, c\u2019est ta flexibilit\u00e9 pour r\u00e9pondre \u00e0 nos besoins, m\u00eame si cela n\u00e9cessitait des changements de derni\u00e8re minute de l\u2019itin\u00e9raire. Nous nous sommes toujours sentis en s\u00e9curit\u00e9 et \u00e0 l\u2019aise, sans stress. Dans tes voyages, il ne s\u2019agit pas de la distance parcourue, mais de la convivialit\u00e9 et du plaisir \u2013 j\u2019ai particuli\u00e8rement appr\u00e9ci\u00e9 cela.<\/p>\n<p>J\u2019attends avec impatience le prochain tour avec toi et je suis curieux de d\u00e9couvrir les points forts qui m\u2019attendent cette fois-ci !<\/p>\n<p>[\/et_pb_testimonial][\/et_pb_column][\/et_pb_row][\/et_pb_section]<\/p>\n","protected":false},"excerpt":{"rendered":"<p>Kurt Stauffer : Une vie \u00e0 deux rouesJe m\u2019appelle Kurt Stauffer et je suis le propri\u00e9taire de la soci\u00e9t\u00e9 Twincruiser Tours. J\u2019aime la nature, les animaux et bien s\u00fbr les circuits de d\u00e9couvertes \u00e0 moto. Il me tient particuli\u00e8rement \u00e0 c\u0153ur de rendre les gens heureux. Conduire une moto est pour moi bien plus qu\u2019un [&hellip;]<\/p>\n","protected":false},"author":7,"featured_media":0,"parent":0,"menu_order":1,"comment_status":"closed","ping_status":"closed","template":"","meta":{"_et_pb_use_builder":"on","_et_pb_old_content":"[et_pb_section fb_built=\"1\" _builder_version=\"4.16\" _module_preset=\"default\" custom_padding=\"||||false|false\" global_colors_info=\"{}\"][et_pb_row _builder_version=\"4.16\" _module_preset=\"default\" global_colors_info=\"{}\"][et_pb_column type=\"4_4\" _builder_version=\"4.16\" _module_preset=\"default\" global_colors_info=\"{}\"][et_pb_text _builder_version=\"4.23.1\" _module_preset=\"default\" text_font=\"||||||||\" text_text_color=\"#666666\" header_font=\"Poppins|600|||||||\" header_text_align=\"center\" header_text_color=\"#ff9000\" header_font_size=\"40px\" header_line_height=\"1.2em\" header_2_line_height=\"1.2em\" text_orientation=\"center\" header_font_size_tablet=\"36px\" header_font_size_phone=\"24px\" header_font_size_last_edited=\"on|phone\" header_2_font_size_tablet=\"60px\" header_2_font_size_phone=\"40px\" header_2_font_size_last_edited=\"off|desktop\" locked=\"off\" global_colors_info=\"{}\"]<h1>Kurt Stauffer:\r\nEin Leben auf zwei R\u00e4dern<\/h1>[\/et_pb_text][\/et_pb_column][\/et_pb_row][et_pb_row column_structure=\"1_2,1_2\" use_custom_gutter=\"on\" gutter_width=\"1\" make_equal=\"on\" _builder_version=\"4.16\" _module_preset=\"default\" background_enable_color=\"off\" custom_margin=\"40px||0px||false|false\" custom_padding=\"0px||0px||false|false\" custom_css_main_element=\"display:flex;||flex-direction: row;||align-items: center;\" global_colors_info=\"{}\" custom_css_main_element_last_edited=\"on|tablet\" custom_css_main_element_tablet=\"display:flex;||flex-direction: column-reverse;\" custom_css_main_element_phone=\"display:flex;||flex-direction: column-reverse;\"][et_pb_column type=\"1_2\" _builder_version=\"4.16\" _module_preset=\"default\" background_enable_color=\"off\" z_index=\"999\" horizontal_offset_tablet=\"0px\" horizontal_offset_phone=\"0px\" horizontal_offset_last_edited=\"off|desktop\" custom_padding=\"|100px|||true|false\" custom_padding_tablet=\"30px|0px|30px|0px|true|true\" custom_padding_phone=\"|||0px|true|false\" custom_padding_last_edited=\"on|phone\" border_color_all=\"#eeeeee\" global_colors_info=\"{}\"][et_pb_blurb title=\"Als die Strasse rief: Die Anf\u00e4nge meiner Motorradliebe\" content_max_width=\"1100px\" _builder_version=\"4.23.1\" _module_preset=\"default\" header_font=\"Poppins|600|||||||\" header_text_align=\"left\" header_text_color=\"#000000\" header_font_size=\"18px\" header_line_height=\"1.2em\" body_font=\"Frank Ruhl Libre|300|||||||\" body_text_color=\"#010101\" body_font_size=\"18px\" text_orientation=\"center\" width_tablet=\"100%\" width_phone=\"100%\" width_last_edited=\"off|desktop\" module_alignment=\"left\" custom_margin=\"||0px||false|false\" global_colors_info=\"{}\"][\/et_pb_blurb][et_pb_text content_tablet=\"Mein Name ist Kurt Stauffer und ich bin der Inhaber von Twincruiser Tours. Ich liebe die Natur, die Tiere und nat\u00fcrlich Entdeckungstouren mit dem Motorrad. Besonders am Herzen liegt mir dabei, Menschen gl\u00fccklich zu machen.\" content_phone=\"Mein Name ist Kurt Stauffer und ich bin der Inhaber von Twincruiser Tours. Ich liebe die Natur, die Tiere und nat\u00fcrlich Entdeckungstouren mit dem Motorrad. Besonders am Herzen liegt mir dabei, Menschen gl\u00fccklich zu machen.\" content_last_edited=\"on|phone\" _builder_version=\"4.23.1\" _module_preset=\"default\" text_font=\"Open Sans||||||||\" width_tablet=\"100%\" width_phone=\"100%\" width_last_edited=\"off|desktop\" module_alignment=\"center\" custom_padding=\"30px||||false|false\" custom_padding_tablet=\"0px||||false|false\" custom_padding_phone=\"\" custom_padding_last_edited=\"on|phone\" text_font_size_tablet=\"\" text_font_size_phone=\"\" text_font_size_last_edited=\"on|desktop\" global_colors_info=\"{}\" width__hover_enabled=\"off|desktop\"]<p>Mein Name ist Kurt Stauffer und ich bin der Inhaber von Twincruiser Tours. Ich liebe die Natur, die Tiere und nat\u00fcrlich Entdeckungstouren mit dem Motorrad. Besonders am Herzen liegt mir dabei, Menschen gl\u00fccklich zu machen.<\/p>[\/et_pb_text][et_pb_text content_tablet=\"Motorradfahren ist f\u00fcr mich weit mehr als nur ein Fortbewegungsmittel \u2013 es ist ein Lebensgef\u00fchl. Es gibt kaum etwas Sch\u00f6neres, als die frische Alpenluft zu sp\u00fcren und die unvergleichlichen Schweizer Panoramen zu geniessen, w\u00e4hrend ich auf zwei R\u00e4dern unterwegs bin. Meine Kamera ist mein st\u00e4ndiger Begleiter, um die spektakul\u00e4ren und oft unerwarteten Momente festzuhalten, die jeder neue Tag auf der Strasse mit sich bringt.\" content_phone=\"Motorradfahren ist f\u00fcr mich weit mehr als nur ein Fortbewegungsmittel \u2013 es ist ein Lebensgef\u00fchl. Es gibt kaum etwas Sch\u00f6neres, als die frische Alpenluft zu sp\u00fcren und die unvergleichlichen Schweizer Panoramen zu geniessen, w\u00e4hrend ich auf zwei R\u00e4dern unterwegs bin. Meine Kamera ist mein st\u00e4ndiger Begleiter, um die spektakul\u00e4ren und oft unerwarteten Momente festzuhalten, die jeder neue Tag auf der Strasse mit sich bringt.\" content_last_edited=\"on|phone\" _builder_version=\"4.23.1\" _module_preset=\"default\" text_font=\"Open Sans||||||||\" width_tablet=\"100%\" width_phone=\"100%\" width_last_edited=\"off|desktop\" module_alignment=\"center\" custom_padding=\"30px||||false|false\" custom_padding_tablet=\"0px||||false|false\" custom_padding_phone=\"\" custom_padding_last_edited=\"on|phone\" text_font_size_tablet=\"\" text_font_size_phone=\"\" text_font_size_last_edited=\"on|desktop\" global_colors_info=\"{}\" width__hover_enabled=\"off|desktop\"]Motorradfahren ist f\u00fcr mich weit mehr als nur ein Fortbewegungsmittel \u2013 es ist ein Lebensgef\u00fchl. Es gibt kaum etwas Sch\u00f6neres, als die frische Alpenluft zu sp\u00fcren und die unvergleichlichen Schweizer Panoramen zu geniessen, w\u00e4hrend ich auf zwei R\u00e4dern unterwegs bin. Meine Kamera ist mein st\u00e4ndiger Begleiter, um die spektakul\u00e4ren und oft unerwarteten Momente festzuhalten, die jeder neue Tag auf der Strasse mit sich bringt.[\/et_pb_text][et_pb_text content_tablet=\"Mein Ansatz beim Reisen unterscheidet sich grundlegend von dem eines herk\u00f6mmlichen Motorradfahrers. Es geht mir nicht darum, so schnell wie m\u00f6glich von A nach B zu gelangen, sondern darum, die Reise selbst zu geniessen. Die Begegnungen mit Menschen, die Kultur und das Eintauchen in die nat\u00fcrliche Sch\u00f6nheit der Umgebung machen jede Tour zu einem einzigartigen Erlebnis.\" content_phone=\"Mein Ansatz beim Reisen unterscheidet sich grundlegend von dem eines herk\u00f6mmlichen Motorradfahrers. Es geht mir nicht darum, so schnell wie m\u00f6glich von A nach B zu gelangen, sondern darum, die Reise selbst zu geniessen. Die Begegnungen mit Menschen, die Kultur und das Eintauchen in die nat\u00fcrliche Sch\u00f6nheit der Umgebung machen jede Tour zu einem einzigartigen Erlebnis.\" content_last_edited=\"on|phone\" _builder_version=\"4.23.1\" _module_preset=\"default\" text_font=\"Open Sans||||||||\" width_tablet=\"100%\" width_phone=\"100%\" width_last_edited=\"off|desktop\" module_alignment=\"center\" custom_padding=\"30px||||false|false\" custom_padding_tablet=\"0px||||false|false\" custom_padding_phone=\"\" custom_padding_last_edited=\"on|phone\" text_font_size_tablet=\"\" text_font_size_phone=\"\" text_font_size_last_edited=\"on|desktop\" global_colors_info=\"{}\" width__hover_enabled=\"off|desktop\"]Mein Ansatz beim Reisen unterscheidet sich grundlegend von dem eines herk\u00f6mmlichen Motorradfahrers. Es geht mir nicht darum, so schnell wie m\u00f6glich von A nach B zu gelangen, sondern darum, die Reise selbst zu geniessen. Die Begegnungen mit Menschen, die Kultur und das Eintauchen in die nat\u00fcrliche Sch\u00f6nheit der Umgebung machen jede Tour zu einem einzigartigen Erlebnis.[\/et_pb_text][\/et_pb_column][et_pb_column type=\"1_2\" _builder_version=\"4.16\" _module_preset=\"default\" z_index=\"0\" custom_padding_last_edited=\"off|tablet\" global_colors_info=\"{}\"][et_pb_image src=\"https:\/\/twincruiser.ch\/wp-content\/uploads\/2023\/12\/Kurt-Stauffer-Twincruiser-Tours-5.jpg\" title_text=\"Kurt Stauffer Twincruiser Tours 5\" show_in_lightbox=\"on\" show_bottom_space=\"off\" align=\"right\" force_fullwidth=\"on\" src_tablet=\"https:\/\/twincruiser.ch\/wp-content\/uploads\/2023\/12\/Kurt-Stauffer-Twincruiser-Tours-5.jpg\" src_phone=\"https:\/\/twincruiser.ch\/wp-content\/uploads\/2023\/12\/Kurt-Stauffer-Twincruiser-Tours-5.jpg\" src_last_edited=\"on|phone\" _builder_version=\"4.23.1\" _module_preset=\"default\" scroll_vertical_motion=\"0|50|50|100|1|0|-1\" scroll_vertical_motion_tablet=\"\" scroll_vertical_motion_phone=\"0|50|50|100|0|0|0\" scroll_vertical_motion_last_edited=\"on|phone\" box_shadow_style=\"preset3\" locked=\"off\" global_colors_info=\"{}\"][\/et_pb_image][\/et_pb_column][\/et_pb_row][et_pb_row column_structure=\"1_2,1_2\" use_custom_gutter=\"on\" gutter_width=\"1\" make_equal=\"on\" _builder_version=\"4.18.1\" _module_preset=\"default\" custom_margin=\"0px||||false|false\" custom_padding=\"0px||0px||false|false\" custom_css_main_element=\"display:flex;||flex-direction: row;||align-items: center;\" global_colors_info=\"{}\" custom_css_main_element_last_edited=\"on|phone\" custom_css_main_element_tablet=\"display:inherit;\" custom_css_main_element_phone=\"display:inherit;\"][et_pb_column type=\"1_2\" _builder_version=\"4.16\" _module_preset=\"default\" background_enable_color=\"off\" global_colors_info=\"{}\"][et_pb_image src=\"https:\/\/twincruiser.ch\/wp-content\/uploads\/2023\/12\/Twincruiser-Tours-Romantik-1.jpg\" title_text=\"Twincruiser Tours Romantik\" show_in_lightbox=\"on\" force_fullwidth=\"on\" src_tablet=\"https:\/\/twincruiser.ch\/wp-content\/uploads\/2023\/12\/Twincruiser-Tours-Romantik-1.jpg\" src_phone=\"https:\/\/twincruiser.ch\/wp-content\/uploads\/2023\/12\/Twincruiser-Tours-Romantik-1.jpg\" src_last_edited=\"on|desktop\" _builder_version=\"4.23.1\" _module_preset=\"default\" scroll_vertical_motion=\"0|50|50|100|1|0|-1\" scroll_vertical_motion_tablet=\"\" scroll_vertical_motion_phone=\"0|50|50|100|0|0|0\" scroll_vertical_motion_last_edited=\"on|phone\" box_shadow_style=\"preset3\" locked=\"off\" global_colors_info=\"{}\"][\/et_pb_image][\/et_pb_column][et_pb_column type=\"1_2\" _builder_version=\"4.16\" _module_preset=\"default\" background_color=\"#FFFFFF\" z_index=\"999\" horizontal_offset_tablet=\"0px\" horizontal_offset_phone=\"0px\" horizontal_offset_last_edited=\"off|desktop\" custom_padding=\"|||100px|false|false\" custom_padding_tablet=\"30px|0px|30px|0px|true|true\" custom_padding_phone=\"|||0px|true|false\" custom_padding_last_edited=\"on|phone\" global_colors_info=\"{}\"][et_pb_blurb title=\"Begleite mich auf dem Weg: Ein Schweizer Abenteuer mit Twincruiser Tours erwartet dich\" content_max_width=\"1100px\" _builder_version=\"4.23.1\" _module_preset=\"default\" header_font=\"Poppins|600|||||||\" header_text_color=\"#000000\" header_font_size=\"18px\" header_line_height=\"1.2em\" body_font=\"|300|||||||\" body_text_color=\"#010101\" body_font_size=\"18px\" width_tablet=\"100%\" width_phone=\"100%\" width_last_edited=\"on|desktop\" module_alignment=\"center\" global_colors_info=\"{}\"][\/et_pb_blurb][et_pb_text content_tablet=\"Bei Twincruiser Tours ist es mir ein besonderes Anliegen, den Teilnehmern die verborgenen Sch\u00e4tze der Schweiz und dar\u00fcber hinaus zu zeigen. Es erf\u00fcllt mich mit Stolz und Freude, die gl\u00fccklichen Gesichter der Teilnehmer zu sehen und ihre spannenden Geschichten zu h\u00f6ren.\" content_phone=\"Bei Twincruiser Tours ist es mir ein besonderes Anliegen, den Teilnehmern die verborgenen Sch\u00e4tze der Schweiz und dar\u00fcber hinaus zu zeigen. Es erf\u00fcllt mich mit Stolz und Freude, die gl\u00fccklichen Gesichter der Teilnehmer zu sehen und ihre spannenden Geschichten zu h\u00f6ren.\" content_last_edited=\"on|phone\" _builder_version=\"4.23.1\" _module_preset=\"default\" text_font=\"Open Sans||||||||\" width_tablet=\"100%\" width_phone=\"100%\" width_last_edited=\"on|phone\" module_alignment=\"center\" custom_padding=\"30px||||false|false\" custom_padding_tablet=\"0px||||false|false\" custom_padding_phone=\"0px||||false|false\" custom_padding_last_edited=\"on|phone\" hover_enabled=\"0\" locked=\"off\" global_colors_info=\"{}\" sticky_enabled=\"0\"]Bei Twincruiser Tours ist es mir ein besonderes Anliegen, den Teilnehmern die verborgenen Sch\u00e4tze der Schweiz und dar\u00fcber hinaus zu zeigen. Es erf\u00fcllt mich mit Stolz und Freude, die gl\u00fccklichen Gesichter der Teilnehmer zu sehen und ihre spannenden Geschichten zu h\u00f6ren.[\/et_pb_text][et_pb_text content_tablet=\"Seit den fr\u00fchen 1970er Jahren bin ich ein enthusiastischer Motorradfahrer und habe dabei wertvolle Erfahrungen in verschiedenen L\u00e4ndern gesammelt. Besonders pr\u00e4gend waren die Jahre, die ich in S\u00fcdafrika verbracht habe. Diese Zeit hat meine multikulturellen Sprachkenntnisse in Afrikaans, Englisch, Franz\u00f6sisch, Deutsch und Niederl\u00e4ndisch gef\u00f6rdert, was es mir erm\u00f6glicht, eine internationale Kundschaft zu bedienen.\" content_phone=\"Seit den fr\u00fchen 1970er Jahren bin ich ein enthusiastischer Motorradfahrer und habe dabei wertvolle Erfahrungen in verschiedenen L\u00e4ndern gesammelt. Besonders pr\u00e4gend waren die Jahre, die ich in S\u00fcdafrika verbracht habe. Diese Zeit hat meine multikulturellen Sprachkenntnisse in Afrikaans, Englisch, Franz\u00f6sisch, Deutsch und Niederl\u00e4ndisch gef\u00f6rdert, was es mir erm\u00f6glicht, eine internationale Kundschaft zu bedienen.\" content_last_edited=\"on|phone\" _builder_version=\"4.23.1\" _module_preset=\"default\" text_font=\"Open Sans||||||||\" width_tablet=\"100%\" width_phone=\"100%\" width_last_edited=\"on|phone\" module_alignment=\"center\" custom_padding=\"30px||||false|false\" custom_padding_tablet=\"0px||||false|false\" custom_padding_phone=\"0px||||false|false\" custom_padding_last_edited=\"on|phone\" locked=\"off\" global_colors_info=\"{}\"]<p>Seit den fr\u00fchen 1970er Jahren bin ich ein enthusiastischer Motorradfahrer und habe dabei wertvolle Erfahrungen in verschiedenen L\u00e4ndern gesammelt. Besonders pr\u00e4gend waren die Jahre, die ich in S\u00fcdafrika verbracht habe. Diese Zeit hat meine multikulturellen Sprachkenntnisse in Afrikaans, Englisch, Franz\u00f6sisch, Deutsch und Niederl\u00e4ndisch gef\u00f6rdert, was es mir erm\u00f6glicht, eine internationale Kundschaft zu bedienen.<\/p>[\/et_pb_text][et_pb_text content_tablet=\"<strong>Motorradreisen \u00e0 la Twincruiser Tours \u2013 Einfach anders: Mehr erleben, mehr geniessen, mehr entdecken!<\/strong>\" content_phone=\"<strong>Motorradreisen \u00e0 la Twincruiser Tours \u2013 Einfach anders: Mehr erleben, mehr geniessen, mehr entdecken!<\/strong>\" content_last_edited=\"on|phone\" _builder_version=\"4.23.1\" _module_preset=\"default\" text_font=\"Open Sans||||||||\" width_tablet=\"100%\" width_phone=\"100%\" width_last_edited=\"on|phone\" module_alignment=\"center\" custom_padding=\"30px||||false|false\" custom_padding_tablet=\"0px||||false|false\" custom_padding_phone=\"0px||||false|false\" custom_padding_last_edited=\"on|phone\" locked=\"off\" global_colors_info=\"{}\"]<p><strong>Motorradreisen \u00e0 la Twincruiser Tours \u2013 Einfach anders: Mehr erleben, mehr geniessen, mehr entdecken!<\/strong><\/p>[\/et_pb_text][\/et_pb_column][\/et_pb_row][\/et_pb_section][et_pb_section fb_built=\"1\" admin_label=\"DLE Testimonial 09\" _builder_version=\"4.18.0\" _module_preset=\"default\" background_color=\"#f8f8f8\" custom_padding=\"0px|||||\" global_colors_info=\"{}\"][et_pb_row column_structure=\"1_3,1_3,1_3\" use_custom_gutter=\"on\" gutter_width=\"2\" make_equal=\"on\" _builder_version=\"4.16\" _module_preset=\"default\" custom_padding=\"0px||0px||false|false\" global_colors_info=\"{}\"][et_pb_column type=\"1_3\" _builder_version=\"4.16\" _module_preset=\"default\" global_colors_info=\"{}\"][et_pb_testimonial author=\"Bernie, K\u00f6bu, Claudia, Ir\u00e8ne und Saskia\" quote_icon_color=\"#ff9000\" quote_icon_background_color=\"rgba(255,255,255,0)\" font_icon=\"{||divi||400\" use_icon_font_size=\"on\" icon_font_size=\"45px\" author_tablet=\"Bernie, K\u00f6bu, Claudia, Ir\u00e8ne und Saskia\" author_phone=\"Bernie, K\u00f6bu, Claudia, Ir\u00e8ne und Saskia\" author_last_edited=\"on|desktop\" content_tablet=\"Nach drei Monaten im \u00abCorona Hausarrest\u00bb war unsere Tour mit Twincruiser Tours eine wahre Erl\u00f6sung und brachte uns das lang vermisste Gef\u00fchl von Freiheit zur\u00fcck. Die Route war trotz Feiertagen perfekt geplant und wenig befahren, was uns erlaubte, in Ruhe atemberaubende Fotos aus einzigartigen Perspektiven zu schiessen, die nur ein ortskundiger Guide wie Kurt kennen kann.\r\n\r\nDiese Reise hat uns vor allem gezeigt, wie wichtig eine hochwertige Unterkunft am Ende des Tages ist. Ein grosses Dankesch\u00f6n an Kurt f\u00fcr diese unvergessliche Erfahrung. Wir w\u00fcnschen dir alles Gute, mach weiter so! Wir werden dich definitiv weiterempfehlen und freuen uns auf das n\u00e4chste Mal.\" content_phone=\"Nach drei Monaten im \u00abCorona Hausarrest\u00bb war unsere Tour mit Twincruiser Tours eine wahre Erl\u00f6sung und brachte uns das lang vermisste Gef\u00fchl von Freiheit zur\u00fcck. Die Route war trotz Feiertagen perfekt geplant und wenig befahren, was uns erlaubte, in Ruhe atemberaubende Fotos aus einzigartigen Perspektiven zu schiessen, die nur ein ortskundiger Guide wie Kurt kennen kann.\r\n\r\nDiese Reise hat uns vor allem gezeigt, wie wichtig eine hochwertige Unterkunft am Ende des Tages ist. Ein grosses Dankesch\u00f6n an Kurt f\u00fcr diese unvergessliche Erfahrung. Wir w\u00fcnschen dir alles Gute, mach weiter so! Wir werden dich definitiv weiterempfehlen und freuen uns auf das n\u00e4chste Mal.\" content_last_edited=\"on|phone\" _builder_version=\"4.23.1\" _module_preset=\"default\" author_text_color=\"#212121\" position_text_color=\"#212121\" company_text_color=\"#E02B20\" background_color=\"#FFFFFF\" custom_margin=\"60px||||false|false\" custom_css_testimonial_author=\"margin-top: 15px;\" border_width_all=\"1px\" border_color_all=\"#eeeeee\" global_colors_info=\"{}\"]<p>Nach drei Monaten im \u00abCorona Hausarrest\u00bb war unsere Tour mit Twincruiser Tours eine wahre Erl\u00f6sung und brachte uns das lang vermisste Gef\u00fchl von Freiheit zur\u00fcck. Die Route war trotz Feiertagen perfekt geplant und wenig befahren, was uns erlaubte, in Ruhe atemberaubende Fotos aus einzigartigen Perspektiven zu schiessen, die nur ein ortskundiger Guide wie Kurt kennen kann.<\/p>\r\n<p>Diese Reise hat uns vor allem gezeigt, wie wichtig eine hochwertige Unterkunft am Ende des Tages ist. Ein grosses Dankesch\u00f6n an Kurt f\u00fcr diese unvergessliche Erfahrung. Wir w\u00fcnschen dir alles Gute, mach weiter so! Wir werden dich definitiv weiterempfehlen und freuen uns auf das n\u00e4chste Mal.<\/p>[\/et_pb_testimonial][\/et_pb_column][et_pb_column type=\"1_3\" _builder_version=\"4.16\" _module_preset=\"default\" global_colors_info=\"{}\"][et_pb_testimonial author=\"Andrea aus Luzern\" quote_icon_color=\"#ff9000\" quote_icon_background_color=\"rgba(255,255,255,0)\" font_icon=\"{||divi||400\" use_icon_font_size=\"on\" icon_font_size=\"45px\" author_tablet=\"Andrea aus Luzern\" author_phone=\"Andrea aus Luzern\" author_last_edited=\"on|tablet\" content_tablet=\"Als unerfahrene Wiedereinsteigerin war ich zun\u00e4chst unsicher, aber Kurt hat mich sicher und souver\u00e4n auf meiner ersten Tour mit meinem eigenen Motorrad durch die Alpen gef\u00fchrt. Die Route war perfekt auf mich zugeschnitten, f\u00fchrte durch malerische T\u00e4ler und \u00fcber beeindruckende P\u00e4sse. Die sorgf\u00e4ltig ausgew\u00e4hlten Hotels boten herzliche Gastfreundschaft und ideale Erholungsm\u00f6glichkeiten, um am n\u00e4chsten Tag frisch und bereit f\u00fcr neue Abenteuer zu sein.\r\n\r\nVon Anfang bis Ende war alles hervorragend organisiert. Kurt, der \u00abalte Hase\u00bb, brachte das \u00abGreenhorn\u00bb sicher nach Hause. Die Tour bot eine fantastische Kombination aus Motorradfahren, Natur- und Kulturerlebnissen sowie erstklassigem Essen und Wein. Kurts charmante und am\u00fcsante Art machte ihn zum idealen Begleiter, der stets f\u00fcr das Wohl seiner G\u00e4ste sorgt.\r\n\r\nIch empfehle eine Tour mit Kurt jedem, der diese einzigartige Mischung und eine individuelle Reiseerfahrung sucht. Vielen Dank f\u00fcr diese unvergessliche erste Motorradtour!\" content_phone=\"Als unerfahrene Wiedereinsteigerin war ich zun\u00e4chst unsicher, aber Kurt hat mich sicher und souver\u00e4n auf meiner ersten Tour mit meinem eigenen Motorrad durch die Alpen gef\u00fchrt. Die Route war perfekt auf mich zugeschnitten, f\u00fchrte durch malerische T\u00e4ler und \u00fcber beeindruckende P\u00e4sse. Die sorgf\u00e4ltig ausgew\u00e4hlten Hotels boten herzliche Gastfreundschaft und ideale Erholungsm\u00f6glichkeiten, um am n\u00e4chsten Tag frisch und bereit f\u00fcr neue Abenteuer zu sein.\r\n\r\nVon Anfang bis Ende war alles hervorragend organisiert. Kurt, der \u00abalte Hase\u00bb, brachte das \u00abGreenhorn\u00bb sicher nach Hause. Die Tour bot eine fantastische Kombination aus Motorradfahren, Natur- und Kulturerlebnissen sowie erstklassigem Essen und Wein. Kurts charmante und am\u00fcsante Art machte ihn zum idealen Begleiter, der stets f\u00fcr das Wohl seiner G\u00e4ste sorgt.\r\n\r\nIch empfehle eine Tour mit Kurt jedem, der diese einzigartige Mischung und eine individuelle Reiseerfahrung sucht. Vielen Dank f\u00fcr diese unvergessliche erste Motorradtour!\" content_last_edited=\"on|desktop\" _builder_version=\"4.23.1\" _module_preset=\"_initial\" author_text_color=\"#212121\" position_text_color=\"#212121\" company_text_color=\"#E02B20\" background_color=\"#FFFFFF\" custom_margin=\"60px||||false|false\" custom_css_testimonial_author=\"margin-top: 15px;\" border_width_all=\"1px\" border_color_all=\"#eeeeee\" global_colors_info=\"{}\"]<p>Als unerfahrene Wiedereinsteigerin war ich zun\u00e4chst unsicher, aber Kurt hat mich sicher und souver\u00e4n auf meiner ersten Tour mit meinem eigenen Motorrad durch die Alpen gef\u00fchrt. Die Route war perfekt auf mich zugeschnitten, f\u00fchrte durch malerische T\u00e4ler und \u00fcber beeindruckende P\u00e4sse. Die sorgf\u00e4ltig ausgew\u00e4hlten Hotels boten herzliche Gastfreundschaft und ideale Erholungsm\u00f6glichkeiten, um am n\u00e4chsten Tag frisch und bereit f\u00fcr neue Abenteuer zu sein.<\/p>\r\n<p>Von Anfang bis Ende war alles hervorragend organisiert. Kurt, der \u00abalte Hase\u00bb, brachte das \u00abGreenhorn\u00bb sicher nach Hause. Die Tour bot eine fantastische Kombination aus Motorradfahren, Natur- und Kulturerlebnissen sowie erstklassigem Essen und Wein. Kurts charmante und am\u00fcsante Art machte ihn zum idealen Begleiter, der stets f\u00fcr das Wohl seiner G\u00e4ste sorgt.<\/p>\r\n<p>Ich empfehle eine Tour mit Kurt jedem, der diese einzigartige Mischung und eine individuelle Reiseerfahrung sucht. Vielen Dank f\u00fcr diese unvergessliche erste Motorradtour!<\/p>[\/et_pb_testimonial][\/et_pb_column][et_pb_column type=\"1_3\" _builder_version=\"4.16\" _module_preset=\"default\" global_colors_info=\"{}\"][et_pb_testimonial author=\"Karin B. aus Basel\" content_tablet=\"Die Touren mit dir waren stets ein Highlight! Du hast Wege gefunden, die uns selbst in vertrauten Gegenden neu und aufregend erschienen. Jede Tour war voller \u00dcberraschungen, die uns erlaubten, uns voll und ganz auf die Umgebung zu konzentrieren.\r\n\r\nBesonders beeindruckend war, wie flexibel du auf unsere Bed\u00fcrfnisse eingegangen bist, selbst wenn dies kurzfristige \u00c4nderungen der Route erforderte. Wir haben uns stets sicher und wohl gef\u00fchlt, ohne Stress. Bei deinen Ausfahrten geht es nicht um die zur\u00fcckgelegten Kilometer, sondern um Geselligkeit und Genuss \u2013 das hat mir besonders gefallen.\r\n\r\nIch freue mich schon auf die n\u00e4chste Tour mit dir und bin gespannt, welche Highlights diesmal auf mich warten!\" content_phone=\"Die Touren mit dir waren stets ein Highlight! Du hast Wege gefunden, die uns selbst in vertrauten Gegenden neu und aufregend erschienen. Jede Tour war voller \u00dcberraschungen, die uns erlaubten, uns voll und ganz auf die Umgebung zu konzentrieren.\r\n\r\nBesonders beeindruckend war, wie flexibel du auf unsere Bed\u00fcrfnisse eingegangen bist, selbst wenn dies kurzfristige \u00c4nderungen der Route erforderte. Wir haben uns stets sicher und wohl gef\u00fchlt, ohne Stress. Bei deinen Ausfahrten geht es nicht um die zur\u00fcckgelegten Kilometer, sondern um Geselligkeit und Genuss \u2013 das hat mir besonders gefallen.\r\n\r\nIch freue mich schon auf die n\u00e4chste Tour mit dir und bin gespannt, welche Highlights diesmal auf mich warten!\" content_last_edited=\"on|phone\" _builder_version=\"4.23.1\" _module_preset=\"ab7ceb50-943d-4d44-bc38-dc0008bbe6e8\" global_colors_info=\"{}\"]<p>Die Touren mit dir waren stets ein Highlight! Du hast Wege gefunden, die uns selbst in vertrauten Gegenden neu und aufregend erschienen. Jede Tour war voller \u00dcberraschungen, die uns erlaubten, uns voll und ganz auf die Umgebung zu konzentrieren.<\/p>\r\n<p>Besonders beeindruckend war, wie flexibel du auf unsere Bed\u00fcrfnisse eingegangen bist, selbst wenn dies kurzfristige \u00c4nderungen der Route erforderte. Wir haben uns stets sicher und wohl gef\u00fchlt, ohne Stress. Bei deinen Ausfahrten geht es nicht um die zur\u00fcckgelegten Kilometer, sondern um Geselligkeit und Genuss \u2013 das hat mir besonders gefallen.<\/p>\r\n<p>Ich freue mich schon auf die n\u00e4chste Tour mit dir und bin gespannt, welche Highlights diesmal auf mich warten!<\/p>[\/et_pb_testimonial][\/et_pb_column][\/et_pb_row][\/et_pb_section]","_et_gb_content_width":"","footnotes":""},"class_list":["post-338497","page","type-page","status-publish","hentry"],"_links":{"self":[{"href":"https:\/\/twincruiser.ch\/fr\/wp-json\/wp\/v2\/pages\/338497","targetHints":{"allow":["GET"]}}],"collection":[{"href":"https:\/\/twincruiser.ch\/fr\/wp-json\/wp\/v2\/pages"}],"about":[{"href":"https:\/\/twincruiser.ch\/fr\/wp-json\/wp\/v2\/types\/page"}],"author":[{"embeddable":true,"href":"https:\/\/twincruiser.ch\/fr\/wp-json\/wp\/v2\/users\/7"}],"replies":[{"embeddable":true,"href":"https:\/\/twincruiser.ch\/fr\/wp-json\/wp\/v2\/comments?post=338497"}],"version-history":[{"count":0,"href":"https:\/\/twincruiser.ch\/fr\/wp-json\/wp\/v2\/pages\/338497\/revisions"}],"wp:attachment":[{"href":"https:\/\/twincruiser.ch\/fr\/wp-json\/wp\/v2\/media?parent=338497"}],"curies":[{"name":"wp","href":"https:\/\/api.w.org\/{rel}","templated":true}]}}